{"id":315,"date":"2015-12-01T21:52:26","date_gmt":"2015-12-01T19:52:26","guid":{"rendered":"http:\/\/kbfv.stclemens-kaldenkirchen.de\/?page_id=315"},"modified":"2015-12-01T21:53:36","modified_gmt":"2015-12-01T19:53:36","slug":"kirchenfenster","status":"publish","type":"page","link":"http:\/\/kbfv.stclemens-kaldenkirchen.de\/?page_id=315","title":{"rendered":"Kirchenfenster"},"content":{"rendered":"<p>Leider werden immer wieder unsere Kirchenfenster besch\u00e4digt, die Verursacher sind h\u00e4ufig nicht zu ermitteln. Die Reparaturen werden \u00fcblicherweise nur teilweise von Versicherungen \u00fcbernommen, der Rest muss aus Mitteln der Pfarre beglichen werden. Auch hier unterst\u00fctzt\u00a0 der Kirchbauf\u00f6rderverein die Pfarre St. Clemens.<br \/>\nDerzeit wird in Absprache mit dem Kirchenvorstand \u00fcberlegt, die Bleiverglasungen mit sog. \u201eVorsatzfenstern\u201c besser zu sch\u00fctzen. Es gibt wenige Firmen, die solcherlei Arbeiten \u00fcbernehmen k\u00f6nnen, wir warten auf Angebote und Antworten des Bistums, ob im Rahmen des Denkmalschutzes solche \u201eVorsetzfenster\u201c \u00fcberhaupt eingebaut werden d\u00fcrfen.<\/p>\n","protected":false},"excerpt":{"rendered":"<p>Leider werden immer wieder unsere Kirchenfenster besch\u00e4digt, die Verursacher sind h\u00e4ufig nicht zu ermitteln. Die Reparaturen werden \u00fcblicherweise nur teilweise von Versicherungen \u00fcbernommen, der Rest muss aus Mitteln der Pfarre beglichen werden. Auch hier unterst\u00fctzt\u00a0 der Kirchbauf\u00f6rderverein die Pfarre St. Clemens. Derzeit wird in Absprache mit dem Kirchenvorstand \u00fcberlegt, die Bleiverglasungen mit sog. \u201eVorsatzfenstern\u201c besser &hellip; <a href=\"http:\/\/kbfv.stclemens-kaldenkirchen.de\/?page_id=315\" class=\"more-link\"><span class=\"screen-reader-text\">Kirchenfenster<\/span> weiterlesen <span class=\"meta-nav\">&rarr;<\/span><\/a><\/p>\n","protected":false},"author":6,"featured_media":0,"parent":0,"menu_order":0,"comment_status":"closed","ping_status":"closed","template":"","meta":[],"_links":{"self":[{"href":"http:\/\/kbfv.stclemens-kaldenkirchen.de\/index.php?rest_route=\/wp\/v2\/pages\/315"}],"collection":[{"href":"http:\/\/kbfv.stclemens-kaldenkirchen.de\/index.php?rest_route=\/wp\/v2\/pages"}],"about":[{"href":"http:\/\/kbfv.stclemens-kaldenkirchen.de\/index.php?rest_route=\/wp\/v2\/types\/page"}],"author":[{"embeddable":true,"href":"http:\/\/kbfv.stclemens-kaldenkirchen.de\/index.php?rest_route=\/wp\/v2\/users\/6"}],"replies":[{"embeddable":true,"href":"http:\/\/kbfv.stclemens-kaldenkirchen.de\/index.php?rest_route=%2Fwp%2Fv2%2Fcomments&post=315"}],"version-history":[{"count":1,"href":"http:\/\/kbfv.stclemens-kaldenkirchen.de\/index.php?rest_route=\/wp\/v2\/pages\/315\/revisions"}],"predecessor-version":[{"id":316,"href":"http:\/\/kbfv.stclemens-kaldenkirchen.de\/index.php?rest_route=\/wp\/v2\/pages\/315\/revisions\/316"}],"wp:attachment":[{"href":"http:\/\/kbfv.stclemens-kaldenkirchen.de\/index.php?rest_route=%2Fwp%2Fv2%2Fmedia&parent=315"}],"curies":[{"name":"wp","href":"https:\/\/api.w.org\/{rel}","templated":true}]}}